{"id":77,"date":"2025-01-19T14:54:21","date_gmt":"2025-01-19T13:54:21","guid":{"rendered":"https:\/\/jugendschutz-zentral.ch\/luzern\/?page_id=77"},"modified":"2025-02-18T16:10:38","modified_gmt":"2025-02-18T15:10:38","slug":"testkaeufe","status":"publish","type":"page","link":"https:\/\/jugendschutz-zentral.ch\/luzern\/veranstaltende\/testkaeufe\/","title":{"rendered":"Testk\u00e4ufe"},"content":{"rendered":"<div id='full_slider_1'  class='avia-fullwidth-slider main_color avia-shadow   avia-builder-el-0  el_before_av_section  avia-builder-el-first   container_wrap sidebar_right'  ><div  class='avia-slideshow av-9sd39-0ff47adfb2974428990172914e876513 avia-slideshow-featured av_slideshow_full avia-fade-slider av-slideshow-ui av-control-hidden av-no-slider-navigation av-hide-nav-arrows av-slideshow-autoplay av-loop-endless av-loop-manual-endless av-default-height-applied   avia-slideshow-1' data-slideshow-options=\"{&quot;animation&quot;:&quot;fade&quot;,&quot;autoplay&quot;:true,&quot;loop_autoplay&quot;:&quot;endless&quot;,&quot;interval&quot;:10,&quot;loop_manual&quot;:&quot;manual-endless&quot;,&quot;autoplay_stopper&quot;:false,&quot;noNavigation&quot;:true,&quot;bg_slider&quot;:false,&quot;keep_padding&quot;:false,&quot;hoverpause&quot;:false,&quot;show_slide_delay&quot;:0}\"  itemprop=\"image\" itemscope=\"itemscope\" itemtype=\"https:\/\/schema.org\/ImageObject\" ><ul class='avia-slideshow-inner ' style='padding-bottom: 28.666666666667%;'><li  class='avia-slideshow-slide av-9sd39-0ff47adfb2974428990172914e876513__0  slide-1 slide-odd'><div data-rel='slideshow-1' class='avia-slide-wrap '   ><img decoding=\"async\" fetchpriority=\"high\" class=\"wp-image-32 avia-img-lazy-loading-not-32\"  src=\"https:\/\/jugendschutz-zentral.ch\/luzern\/wp-content\/uploads\/sites\/7\/2025\/01\/banner_24-1500x430.jpg\" width=\"1500\" height=\"430\" title='Banner 24' alt=''  itemprop=\"thumbnailUrl\"  style='min-height:150px; min-width:524px; ' \/><\/div><\/li><li  class='avia-slideshow-slide av-9sd39-0ff47adfb2974428990172914e876513__1  slide-2 slide-even'><div data-rel='slideshow-1' class='avia-slide-wrap '   ><img decoding=\"async\" fetchpriority=\"high\" class=\"wp-image-25 avia-img-lazy-loading-not-25\"  src=\"https:\/\/jugendschutz-zentral.ch\/luzern\/wp-content\/uploads\/sites\/7\/2025\/01\/banner_26-1500x430.jpg\" width=\"1500\" height=\"430\" title='Banner 26' alt=''  itemprop=\"thumbnailUrl\"  style='min-height:150px; min-width:524px; ' \/><\/div><\/li><li  class='avia-slideshow-slide av-9sd39-0ff47adfb2974428990172914e876513__2  slide-3 slide-odd'><div data-rel='slideshow-1' class='avia-slide-wrap '   ><img decoding=\"async\" fetchpriority=\"high\" class=\"wp-image-30 avia-img-lazy-loading-not-30\"  src=\"https:\/\/jugendschutz-zentral.ch\/luzern\/wp-content\/uploads\/sites\/7\/2025\/01\/banner_01-1500x430.jpg\" width=\"1500\" height=\"430\" title='Banner 01' alt=''  itemprop=\"thumbnailUrl\"  style='min-height:150px; min-width:524px; ' \/><\/div><\/li><li  class='avia-slideshow-slide av-9sd39-0ff47adfb2974428990172914e876513__3  slide-4 slide-even'><div data-rel='slideshow-1' class='avia-slide-wrap '   ><img decoding=\"async\" fetchpriority=\"high\" class=\"wp-image-26 avia-img-lazy-loading-not-26\"  src=\"https:\/\/jugendschutz-zentral.ch\/luzern\/wp-content\/uploads\/sites\/7\/2025\/01\/banner_25-1500x430.jpg\" width=\"1500\" height=\"430\" title='Banner 25' alt=''  itemprop=\"thumbnailUrl\"  style='min-height:150px; min-width:524px; ' \/><\/div><\/li><li  class='avia-slideshow-slide av-9sd39-0ff47adfb2974428990172914e876513__4  slide-5 slide-odd'><div data-rel='slideshow-1' class='avia-slide-wrap '   ><img decoding=\"async\" fetchpriority=\"high\" class=\"wp-image-34 avia-img-lazy-loading-not-34\"  src=\"https:\/\/jugendschutz-zentral.ch\/luzern\/wp-content\/uploads\/sites\/7\/2025\/01\/banner_23-1500x430.jpg\" width=\"1500\" height=\"430\" title='Banner 23' alt=''  itemprop=\"thumbnailUrl\"  style='min-height:150px; min-width:524px; ' \/><\/div><\/li><li  class='avia-slideshow-slide av-9sd39-0ff47adfb2974428990172914e876513__5  slide-6 slide-even'><div data-rel='slideshow-1' class='avia-slide-wrap '   ><img decoding=\"async\" fetchpriority=\"high\" class=\"wp-image-23 avia-img-lazy-loading-not-23\"  src=\"https:\/\/jugendschutz-zentral.ch\/luzern\/wp-content\/uploads\/sites\/7\/2025\/01\/banner_28-1500x430.jpg\" width=\"1500\" height=\"430\" title='Banner 28' alt=''  itemprop=\"thumbnailUrl\"  style='min-height:150px; min-width:524px; ' \/><\/div><\/li><li  class='avia-slideshow-slide av-9sd39-0ff47adfb2974428990172914e876513__6  slide-7 slide-odd'><div data-rel='slideshow-1' class='avia-slide-wrap '   ><img decoding=\"async\" fetchpriority=\"high\" class=\"wp-image-28 avia-img-lazy-loading-not-28\"  src=\"https:\/\/jugendschutz-zentral.ch\/luzern\/wp-content\/uploads\/sites\/7\/2025\/01\/banner_03-1500x430.jpg\" width=\"1500\" height=\"430\" title='Banner 03' alt=''  itemprop=\"thumbnailUrl\"  style='min-height:150px; min-width:524px; ' \/><\/div><\/li><li  class='avia-slideshow-slide av-9sd39-0ff47adfb2974428990172914e876513__7  slide-8 slide-even'><div data-rel='slideshow-1' class='avia-slide-wrap '   ><img decoding=\"async\" fetchpriority=\"high\" class=\"wp-image-37 avia-img-lazy-loading-not-37\"  src=\"https:\/\/jugendschutz-zentral.ch\/luzern\/wp-content\/uploads\/sites\/7\/2025\/01\/banner_21-1500x430.jpg\" width=\"1500\" height=\"430\" title='Banner 21' alt=''  itemprop=\"thumbnailUrl\"  style='min-height:150px; min-width:524px; ' \/><\/div><\/li><li  class='avia-slideshow-slide av-9sd39-0ff47adfb2974428990172914e876513__8  slide-9 slide-odd'><div data-rel='slideshow-1' class='avia-slide-wrap '   ><img decoding=\"async\" fetchpriority=\"high\" class=\"wp-image-29 avia-img-lazy-loading-not-29\"  src=\"https:\/\/jugendschutz-zentral.ch\/luzern\/wp-content\/uploads\/sites\/7\/2025\/01\/banner_02-1500x430.jpg\" width=\"1500\" height=\"430\" title='Banner 02' alt=''  itemprop=\"thumbnailUrl\"  style='min-height:150px; min-width:524px; ' \/><\/div><\/li><li  class='avia-slideshow-slide av-9sd39-0ff47adfb2974428990172914e876513__9  slide-10 slide-even'><div data-rel='slideshow-1' class='avia-slide-wrap '   ><img decoding=\"async\" fetchpriority=\"high\" class=\"wp-image-36 avia-img-lazy-loading-not-36\"  src=\"https:\/\/jugendschutz-zentral.ch\/luzern\/wp-content\/uploads\/sites\/7\/2025\/01\/banner_22-1500x430.jpg\" width=\"1500\" height=\"430\" title='Banner 22' alt=''  itemprop=\"thumbnailUrl\"  style='min-height:150px; min-width:524px; ' \/><\/div><\/li><li  class='avia-slideshow-slide av-9sd39-0ff47adfb2974428990172914e876513__10  slide-11 slide-odd'><div data-rel='slideshow-1' class='avia-slide-wrap '   ><img decoding=\"async\" fetchpriority=\"high\" class=\"wp-image-24 avia-img-lazy-loading-not-24\"  src=\"https:\/\/jugendschutz-zentral.ch\/luzern\/wp-content\/uploads\/sites\/7\/2025\/01\/banner_27-1500x430.jpg\" width=\"1500\" height=\"430\" title='Banner 27' alt=''  itemprop=\"thumbnailUrl\"  style='min-height:150px; min-width:524px; ' \/><\/div><\/li><li  class='avia-slideshow-slide av-9sd39-0ff47adfb2974428990172914e876513__11  slide-12 slide-even'><div data-rel='slideshow-1' class='avia-slide-wrap '   ><img decoding=\"async\" fetchpriority=\"high\" class=\"wp-image-27 avia-img-lazy-loading-not-27\"  src=\"https:\/\/jugendschutz-zentral.ch\/luzern\/wp-content\/uploads\/sites\/7\/2025\/01\/banner_04-1500x430.jpg\" width=\"1500\" height=\"430\" title='Banner 04' alt=''  itemprop=\"thumbnailUrl\"  style='min-height:150px; min-width:524px; ' \/><\/div><\/li><\/ul><div class='avia-slideshow-arrows avia-slideshow-controls' ><a href='#prev' class='prev-slide  avia-svg-icon avia-font-svg_entypo-fontello' data-av_svg_icon='left-open-big' data-av_iconset='svg_entypo-fontello' tabindex='-1' title=\"Zur\u00fcck\"><svg version=\"1.1\" xmlns=\"http:\/\/www.w3.org\/2000\/svg\" width=\"15\" height=\"32\" viewBox=\"0 0 15 32\" preserveAspectRatio=\"xMidYMid meet\" aria-labelledby='av-svg-title-1' aria-describedby='av-svg-desc-1' role=\"graphics-symbol\" aria-hidden=\"true\">\n<title id='av-svg-title-1'>Zur\u00fcck<\/title>\n<desc id='av-svg-desc-1'>Zur\u00fcck<\/desc>\n<path d=\"M14.464 27.84q0.832 0.832 0 1.536-0.832 0.832-1.536 0l-12.544-12.608q-0.768-0.768 0-1.6l12.544-12.608q0.704-0.832 1.536 0 0.832 0.704 0 1.536l-11.456 11.904z\"><\/path>\n<\/svg><span class='avia_hidden_link_text'>Zur\u00fcck<\/span><\/a><a href='#next' class='next-slide  avia-svg-icon avia-font-svg_entypo-fontello' data-av_svg_icon='right-open-big' data-av_iconset='svg_entypo-fontello' tabindex='-1' title=\"Weiter\"><svg version=\"1.1\" xmlns=\"http:\/\/www.w3.org\/2000\/svg\" width=\"15\" height=\"32\" viewBox=\"0 0 15 32\" preserveAspectRatio=\"xMidYMid meet\" aria-labelledby='av-svg-title-2' aria-describedby='av-svg-desc-2' role=\"graphics-symbol\" aria-hidden=\"true\">\n<title id='av-svg-title-2'>Weiter<\/title>\n<desc id='av-svg-desc-2'>Weiter<\/desc>\n<path d=\"M0.416 27.84l11.456-11.84-11.456-11.904q-0.832-0.832 0-1.536 0.832-0.832 1.536 0l12.544 12.608q0.768 0.832 0 1.6l-12.544 12.608q-0.704 0.832-1.536 0-0.832-0.704 0-1.536z\"><\/path>\n<\/svg><span class='avia_hidden_link_text'>Weiter<\/span><\/a><\/div><\/div><\/div>\n<div id='av_section_1'  class='avia-section av-2cgex-1321553df0bbf20075ee838fb762ae95 main_color avia-section-huge avia-no-border-styling  avia-builder-el-1  el_after_av_slideshow_full  avia-builder-el-last  avia-bg-style-scroll container_wrap sidebar_right'  ><div class='container av-section-cont-open' ><div class='template-page content  av-content-small alpha units'><div class='post-entry post-entry-type-page post-entry-77'><div class='entry-content-wrapper clearfix'>\n\n<style type=\"text\/css\" data-created_by=\"avia_inline_auto\" id=\"style-css-av-55ed-6bcfd334d525619ca78cc4fe3c0ac08c\">\n#top .flex_column.av-55ed-6bcfd334d525619ca78cc4fe3c0ac08c{\nmargin-top:-200px;\nmargin-bottom:0px;\n}\n.flex_column.av-55ed-6bcfd334d525619ca78cc4fe3c0ac08c{\nborder-radius:0px 0px 0px 0px;\npadding:30px 30px 30px 30px;\nbackground-color:#ffffff;\n}\n.responsive #top #wrap_all .flex_column.av-55ed-6bcfd334d525619ca78cc4fe3c0ac08c{\nmargin-top:-200px;\nmargin-bottom:0px;\n}\n<\/style>\n<div  class='flex_column av-55ed-6bcfd334d525619ca78cc4fe3c0ac08c av_one_full  avia-builder-el-2  avia-builder-el-no-sibling  first flex_column_div  '     ><p>\n<style type=\"text\/css\" data-created_by=\"avia_inline_auto\" id=\"style-css-av-m63ohqqn-6299627a0e9cc6d339876c79a0252fa0\">\n#top .av-special-heading.av-m63ohqqn-6299627a0e9cc6d339876c79a0252fa0{\npadding-bottom:10px;\n}\nbody .av-special-heading.av-m63ohqqn-6299627a0e9cc6d339876c79a0252fa0 .av-special-heading-tag .heading-char{\nfont-size:25px;\n}\n.av-special-heading.av-m63ohqqn-6299627a0e9cc6d339876c79a0252fa0 .av-subheading{\nfont-size:15px;\n}\n<\/style>\n<div  class='av-special-heading av-m63ohqqn-6299627a0e9cc6d339876c79a0252fa0 av-special-heading-h2  avia-builder-el-3  el_before_av_hr  avia-builder-el-first '><h2 class='av-special-heading-tag '  itemprop=\"headline\"  >Testk\u00e4ufe Alkohol und Tabak<\/h2><div class=\"special-heading-border\"><div class=\"special-heading-inner-border\"><\/div><\/div><\/div><br \/>\n\n<style type=\"text\/css\" data-created_by=\"avia_inline_auto\" id=\"style-css-av-qkjh-cf34b7e25352c143dfce8b1d1472d838\">\n#top .hr.hr-invisible.av-qkjh-cf34b7e25352c143dfce8b1d1472d838{\nheight:13px;\n}\n<\/style>\n<div  class='hr av-qkjh-cf34b7e25352c143dfce8b1d1472d838 hr-invisible  avia-builder-el-4  el_after_av_heading  el_before_av_textblock '><span class='hr-inner '><span class=\"hr-inner-style\"><\/span><\/span><\/div><br \/>\n<section  class='av_textblock_section av-m63oi30m-95b0507cf8af1923c2c116283c57b105 '   itemscope=\"itemscope\" itemtype=\"https:\/\/schema.org\/CreativeWork\" ><div class='avia_textblock'  itemprop=\"text\" ><p><strong>Kanton Luzern<\/strong><\/p>\n<p>Bis 2024 lag die Zust\u00e4ndigkeit f\u00fcr die Alkoholtestk\u00e4ufe bei der Luzerner Gastgewerbe und Gewerbepolizei. Im Jahr 2024 wurden im Kanton 70 Alkoholtestk\u00e4ufe durchgef\u00fchrt. Dabei verstiessen 37% der Betriebe gegen die Jugendschutzbestimmungen.<\/p>\n<p><a href=\"https:\/\/news.lu.ch\/html_mail.jsp?id=0&amp;email=news.lu.ch&amp;mailref=000kgxy000eyq0000000000000m3f44t\">Medienmitteilung \u00fcber die Alkoholtestk\u00e4ufe 2024<\/a><\/p>\n<p><a href=\"https:\/\/polizei.lu.ch\/dienstleistungen\/downloads\/downloads_ggp\/downloads_alkoholtestkaeufe\">Medienmitteilungen und Statistiken Alkoholtestk\u00e4ufe (2010-2024)<\/a><\/p>\n<p><strong>Neu schweizweit einheitliche Regelungen<\/strong><\/p>\n<p>Mit dem Inkrafttreten des neuen Tabakproduktegesetzes (TabPG) per 1. Oktober 2024 liegt die Zust\u00e4ndigkeit f\u00fcr Testk\u00e4ufe ab 2025 neu bei der Dienststelle Lebensmittelkontrolle und Verbraucherschutz (DILV). Neu soll neben Alkohol auch der Verkauf von Tabakprodukten gepr\u00fcft werden. <a href=\"https:\/\/www.bag.admin.ch\/bag\/de\/home\/strategie-und-politik\/politische-auftraege-und-aktionsplaene\/politische-auftraege-zur-tabakpraevention\/tabakpolitik-kantone.html\">Link BAG<\/a><\/p>\n<p>Weitere Informationen dazu werden so bald als m\u00f6glich folgen.<\/p>\n<\/div><\/section><\/p><\/div><\/div><\/div><\/div><!-- close content main div --><\/div><\/div><div id='after_section_1'  class='main_color av_default_container_wrap container_wrap sidebar_right'  ><div class='container av-section-cont-open' ><div class='template-page content  av-content-small alpha units'><div class='post-entry post-entry-type-page post-entry-77'><div class='entry-content-wrapper clearfix'>\n","protected":false},"excerpt":{"rendered":"","protected":false},"author":1,"featured_media":0,"parent":64,"menu_order":15,"comment_status":"closed","ping_status":"closed","template":"","meta":{"inline_featured_image":false,"footnotes":""},"class_list":["post-77","page","type-page","status-publish","hentry"],"_links":{"self":[{"href":"https:\/\/jugendschutz-zentral.ch\/luzern\/wp-json\/wp\/v2\/pages\/77","targetHints":{"allow":["GET"]}}],"collection":[{"href":"https:\/\/jugendschutz-zentral.ch\/luzern\/wp-json\/wp\/v2\/pages"}],"about":[{"href":"https:\/\/jugendschutz-zentral.ch\/luzern\/wp-json\/wp\/v2\/types\/page"}],"author":[{"embeddable":true,"href":"https:\/\/jugendschutz-zentral.ch\/luzern\/wp-json\/wp\/v2\/users\/1"}],"replies":[{"embeddable":true,"href":"https:\/\/jugendschutz-zentral.ch\/luzern\/wp-json\/wp\/v2\/comments?post=77"}],"version-history":[{"count":4,"href":"https:\/\/jugendschutz-zentral.ch\/luzern\/wp-json\/wp\/v2\/pages\/77\/revisions"}],"predecessor-version":[{"id":238,"href":"https:\/\/jugendschutz-zentral.ch\/luzern\/wp-json\/wp\/v2\/pages\/77\/revisions\/238"}],"up":[{"embeddable":true,"href":"https:\/\/jugendschutz-zentral.ch\/luzern\/wp-json\/wp\/v2\/pages\/64"}],"wp:attachment":[{"href":"https:\/\/jugendschutz-zentral.ch\/luzern\/wp-json\/wp\/v2\/media?parent=77"}],"curies":[{"name":"wp","href":"https:\/\/api.w.org\/{rel}","templated":true}]}}