{"id":73,"date":"2025-01-19T14:50:30","date_gmt":"2025-01-19T13:50:30","guid":{"rendered":"https:\/\/jugendschutz-zentral.ch\/luzern\/?page_id=73"},"modified":"2025-02-07T10:14:18","modified_gmt":"2025-02-07T09:14:18","slug":"luegsch","status":"publish","type":"page","link":"https:\/\/jugendschutz-zentral.ch\/luzern\/veranstaltende\/luegsch\/","title":{"rendered":"Luegsch"},"content":{"rendered":"<div id='full_slider_1'  class='avia-fullwidth-slider main_color avia-shadow   avia-builder-el-0  el_before_av_section  avia-builder-el-first   container_wrap sidebar_right'  ><div  class='avia-slideshow av-9tyq5-0229a31d326b90e446c1ddec5f5cc20a avia-slideshow-featured av_slideshow_full avia-fade-slider av-slideshow-ui av-control-hidden av-no-slider-navigation av-hide-nav-arrows av-slideshow-autoplay av-loop-endless av-loop-manual-endless av-default-height-applied   avia-slideshow-1' data-slideshow-options=\"{&quot;animation&quot;:&quot;fade&quot;,&quot;autoplay&quot;:true,&quot;loop_autoplay&quot;:&quot;endless&quot;,&quot;interval&quot;:10,&quot;loop_manual&quot;:&quot;manual-endless&quot;,&quot;autoplay_stopper&quot;:false,&quot;noNavigation&quot;:true,&quot;bg_slider&quot;:false,&quot;keep_padding&quot;:false,&quot;hoverpause&quot;:false,&quot;show_slide_delay&quot;:0}\"  itemprop=\"image\" itemscope=\"itemscope\" itemtype=\"https:\/\/schema.org\/ImageObject\" ><ul class='avia-slideshow-inner ' style='padding-bottom: 28.666666666667%;'><li  class='avia-slideshow-slide av-9tyq5-0229a31d326b90e446c1ddec5f5cc20a__0  slide-1 slide-odd'><div data-rel='slideshow-1' class='avia-slide-wrap '   ><img decoding=\"async\" fetchpriority=\"high\" class=\"wp-image-29 avia-img-lazy-loading-not-29\"  src=\"https:\/\/jugendschutz-zentral.ch\/luzern\/wp-content\/uploads\/sites\/7\/2025\/01\/banner_02-1500x430.jpg\" width=\"1500\" height=\"430\" title='Banner 02' alt=''  itemprop=\"thumbnailUrl\"  style='min-height:150px; min-width:524px; ' \/><\/div><\/li><li  class='avia-slideshow-slide av-9tyq5-0229a31d326b90e446c1ddec5f5cc20a__1  slide-2 slide-even'><div data-rel='slideshow-1' class='avia-slide-wrap '   ><img decoding=\"async\" fetchpriority=\"high\" class=\"wp-image-25 avia-img-lazy-loading-not-25\"  src=\"https:\/\/jugendschutz-zentral.ch\/luzern\/wp-content\/uploads\/sites\/7\/2025\/01\/banner_26-1500x430.jpg\" width=\"1500\" height=\"430\" title='Banner 26' alt=''  itemprop=\"thumbnailUrl\"  style='min-height:150px; min-width:524px; ' \/><\/div><\/li><li  class='avia-slideshow-slide av-9tyq5-0229a31d326b90e446c1ddec5f5cc20a__2  slide-3 slide-odd'><div data-rel='slideshow-1' class='avia-slide-wrap '   ><img decoding=\"async\" fetchpriority=\"high\" class=\"wp-image-32 avia-img-lazy-loading-not-32\"  src=\"https:\/\/jugendschutz-zentral.ch\/luzern\/wp-content\/uploads\/sites\/7\/2025\/01\/banner_24-1500x430.jpg\" width=\"1500\" height=\"430\" title='Banner 24' alt=''  itemprop=\"thumbnailUrl\"  style='min-height:150px; min-width:524px; ' \/><\/div><\/li><li  class='avia-slideshow-slide av-9tyq5-0229a31d326b90e446c1ddec5f5cc20a__3  slide-4 slide-even'><div data-rel='slideshow-1' class='avia-slide-wrap '   ><img decoding=\"async\" fetchpriority=\"high\" class=\"wp-image-30 avia-img-lazy-loading-not-30\"  src=\"https:\/\/jugendschutz-zentral.ch\/luzern\/wp-content\/uploads\/sites\/7\/2025\/01\/banner_01-1500x430.jpg\" width=\"1500\" height=\"430\" title='Banner 01' alt=''  itemprop=\"thumbnailUrl\"  style='min-height:150px; min-width:524px; ' \/><\/div><\/li><li  class='avia-slideshow-slide av-9tyq5-0229a31d326b90e446c1ddec5f5cc20a__4  slide-5 slide-odd'><div data-rel='slideshow-1' class='avia-slide-wrap '   ><img decoding=\"async\" fetchpriority=\"high\" class=\"wp-image-37 avia-img-lazy-loading-not-37\"  src=\"https:\/\/jugendschutz-zentral.ch\/luzern\/wp-content\/uploads\/sites\/7\/2025\/01\/banner_21-1500x430.jpg\" width=\"1500\" height=\"430\" title='Banner 21' alt=''  itemprop=\"thumbnailUrl\"  style='min-height:150px; min-width:524px; ' \/><\/div><\/li><li  class='avia-slideshow-slide av-9tyq5-0229a31d326b90e446c1ddec5f5cc20a__5  slide-6 slide-even'><div data-rel='slideshow-1' class='avia-slide-wrap '   ><img decoding=\"async\" fetchpriority=\"high\" class=\"wp-image-26 avia-img-lazy-loading-not-26\"  src=\"https:\/\/jugendschutz-zentral.ch\/luzern\/wp-content\/uploads\/sites\/7\/2025\/01\/banner_25-1500x430.jpg\" width=\"1500\" height=\"430\" title='Banner 25' alt=''  itemprop=\"thumbnailUrl\"  style='min-height:150px; min-width:524px; ' \/><\/div><\/li><li  class='avia-slideshow-slide av-9tyq5-0229a31d326b90e446c1ddec5f5cc20a__6  slide-7 slide-odd'><div data-rel='slideshow-1' class='avia-slide-wrap '   ><img decoding=\"async\" fetchpriority=\"high\" class=\"wp-image-34 avia-img-lazy-loading-not-34\"  src=\"https:\/\/jugendschutz-zentral.ch\/luzern\/wp-content\/uploads\/sites\/7\/2025\/01\/banner_23-1500x430.jpg\" width=\"1500\" height=\"430\" title='Banner 23' alt=''  itemprop=\"thumbnailUrl\"  style='min-height:150px; min-width:524px; ' \/><\/div><\/li><li  class='avia-slideshow-slide av-9tyq5-0229a31d326b90e446c1ddec5f5cc20a__7  slide-8 slide-even'><div data-rel='slideshow-1' class='avia-slide-wrap '   ><img decoding=\"async\" fetchpriority=\"high\" class=\"wp-image-23 avia-img-lazy-loading-not-23\"  src=\"https:\/\/jugendschutz-zentral.ch\/luzern\/wp-content\/uploads\/sites\/7\/2025\/01\/banner_28-1500x430.jpg\" width=\"1500\" height=\"430\" title='Banner 28' alt=''  itemprop=\"thumbnailUrl\"  style='min-height:150px; min-width:524px; ' \/><\/div><\/li><li  class='avia-slideshow-slide av-9tyq5-0229a31d326b90e446c1ddec5f5cc20a__8  slide-9 slide-odd'><div data-rel='slideshow-1' class='avia-slide-wrap '   ><img decoding=\"async\" fetchpriority=\"high\" class=\"wp-image-27 avia-img-lazy-loading-not-27\"  src=\"https:\/\/jugendschutz-zentral.ch\/luzern\/wp-content\/uploads\/sites\/7\/2025\/01\/banner_04-1500x430.jpg\" width=\"1500\" height=\"430\" title='Banner 04' alt=''  itemprop=\"thumbnailUrl\"  style='min-height:150px; min-width:524px; ' \/><\/div><\/li><li  class='avia-slideshow-slide av-9tyq5-0229a31d326b90e446c1ddec5f5cc20a__9  slide-10 slide-even'><div data-rel='slideshow-1' class='avia-slide-wrap '   ><img decoding=\"async\" fetchpriority=\"high\" class=\"wp-image-28 avia-img-lazy-loading-not-28\"  src=\"https:\/\/jugendschutz-zentral.ch\/luzern\/wp-content\/uploads\/sites\/7\/2025\/01\/banner_03-1500x430.jpg\" width=\"1500\" height=\"430\" title='Banner 03' alt=''  itemprop=\"thumbnailUrl\"  style='min-height:150px; min-width:524px; ' \/><\/div><\/li><li  class='avia-slideshow-slide av-9tyq5-0229a31d326b90e446c1ddec5f5cc20a__10  slide-11 slide-odd'><div data-rel='slideshow-1' class='avia-slide-wrap '   ><img decoding=\"async\" fetchpriority=\"high\" class=\"wp-image-36 avia-img-lazy-loading-not-36\"  src=\"https:\/\/jugendschutz-zentral.ch\/luzern\/wp-content\/uploads\/sites\/7\/2025\/01\/banner_22-1500x430.jpg\" width=\"1500\" height=\"430\" title='Banner 22' alt=''  itemprop=\"thumbnailUrl\"  style='min-height:150px; min-width:524px; ' \/><\/div><\/li><li  class='avia-slideshow-slide av-9tyq5-0229a31d326b90e446c1ddec5f5cc20a__11  slide-12 slide-even'><div data-rel='slideshow-1' class='avia-slide-wrap '   ><img decoding=\"async\" fetchpriority=\"high\" class=\"wp-image-24 avia-img-lazy-loading-not-24\"  src=\"https:\/\/jugendschutz-zentral.ch\/luzern\/wp-content\/uploads\/sites\/7\/2025\/01\/banner_27-1500x430.jpg\" width=\"1500\" height=\"430\" title='Banner 27' alt=''  itemprop=\"thumbnailUrl\"  style='min-height:150px; min-width:524px; ' \/><\/div><\/li><\/ul><div class='avia-slideshow-arrows avia-slideshow-controls' ><a href='#prev' class='prev-slide  avia-svg-icon avia-font-svg_entypo-fontello' data-av_svg_icon='left-open-big' data-av_iconset='svg_entypo-fontello' tabindex='-1' title=\"Zur\u00fcck\"><svg version=\"1.1\" xmlns=\"http:\/\/www.w3.org\/2000\/svg\" width=\"15\" height=\"32\" viewBox=\"0 0 15 32\" preserveAspectRatio=\"xMidYMid meet\" aria-labelledby='av-svg-title-1' aria-describedby='av-svg-desc-1' role=\"graphics-symbol\" aria-hidden=\"true\">\n<title id='av-svg-title-1'>Zur\u00fcck<\/title>\n<desc id='av-svg-desc-1'>Zur\u00fcck<\/desc>\n<path d=\"M14.464 27.84q0.832 0.832 0 1.536-0.832 0.832-1.536 0l-12.544-12.608q-0.768-0.768 0-1.6l12.544-12.608q0.704-0.832 1.536 0 0.832 0.704 0 1.536l-11.456 11.904z\"><\/path>\n<\/svg><span class='avia_hidden_link_text'>Zur\u00fcck<\/span><\/a><a href='#next' class='next-slide  avia-svg-icon avia-font-svg_entypo-fontello' data-av_svg_icon='right-open-big' data-av_iconset='svg_entypo-fontello' tabindex='-1' title=\"Weiter\"><svg version=\"1.1\" xmlns=\"http:\/\/www.w3.org\/2000\/svg\" width=\"15\" height=\"32\" viewBox=\"0 0 15 32\" preserveAspectRatio=\"xMidYMid meet\" aria-labelledby='av-svg-title-2' aria-describedby='av-svg-desc-2' role=\"graphics-symbol\" aria-hidden=\"true\">\n<title id='av-svg-title-2'>Weiter<\/title>\n<desc id='av-svg-desc-2'>Weiter<\/desc>\n<path d=\"M0.416 27.84l11.456-11.84-11.456-11.904q-0.832-0.832 0-1.536 0.832-0.832 1.536 0l12.544 12.608q0.768 0.832 0 1.6l-12.544 12.608q-0.704 0.832-1.536 0-0.832-0.704 0-1.536z\"><\/path>\n<\/svg><span class='avia_hidden_link_text'>Weiter<\/span><\/a><\/div><\/div><\/div>\n<div id='av_section_1'  class='avia-section av-2bd4x-a97b6c966d7f3d8cf344aeeb8138248b main_color avia-section-huge avia-no-border-styling  avia-builder-el-1  el_after_av_slideshow_full  avia-builder-el-last  avia-bg-style-scroll container_wrap sidebar_right'  ><div class='container av-section-cont-open' ><div class='template-page content  av-content-small alpha units'><div class='post-entry post-entry-type-page post-entry-73'><div class='entry-content-wrapper clearfix'>\n\n<style type=\"text\/css\" data-created_by=\"avia_inline_auto\" id=\"style-css-av-1jdhx-882091a89d003227e53e32043fba7d78\">\n#top .flex_column.av-1jdhx-882091a89d003227e53e32043fba7d78{\nmargin-top:-200px;\nmargin-bottom:0px;\n}\n.flex_column.av-1jdhx-882091a89d003227e53e32043fba7d78{\nborder-radius:0px 0px 0px 0px;\npadding:30px 30px 30px 30px;\nbackground-color:#ffffff;\n}\n.responsive #top #wrap_all .flex_column.av-1jdhx-882091a89d003227e53e32043fba7d78{\nmargin-top:-200px;\nmargin-bottom:0px;\n}\n<\/style>\n<div  class='flex_column av-1jdhx-882091a89d003227e53e32043fba7d78 av_one_full  avia-builder-el-2  avia-builder-el-no-sibling  first flex_column_div  '     ><p>\n<style type=\"text\/css\" data-created_by=\"avia_inline_auto\" id=\"style-css-av-m63obcyl-ff631f8e1176bed68a7e6b184c03c7e5\">\n#top .av-special-heading.av-m63obcyl-ff631f8e1176bed68a7e6b184c03c7e5{\npadding-bottom:10px;\n}\nbody .av-special-heading.av-m63obcyl-ff631f8e1176bed68a7e6b184c03c7e5 .av-special-heading-tag .heading-char{\nfont-size:25px;\n}\n.av-special-heading.av-m63obcyl-ff631f8e1176bed68a7e6b184c03c7e5 .av-subheading{\nfont-size:15px;\n}\n<\/style>\n<div  class='av-special-heading av-m63obcyl-ff631f8e1176bed68a7e6b184c03c7e5 av-special-heading-h2  avia-builder-el-3  el_before_av_hr  avia-builder-el-first '><h2 class='av-special-heading-tag '  itemprop=\"headline\"  >Luegsch &#8211; Jugendschutz in Gemeinden<\/h2><div class=\"special-heading-border\"><div class=\"special-heading-inner-border\"><\/div><\/div><\/div><br \/>\n\n<style type=\"text\/css\" data-created_by=\"avia_inline_auto\" id=\"style-css-av-109rl-ac9d8e69337ed04f832e232cdc99a344\">\n#top .hr.hr-invisible.av-109rl-ac9d8e69337ed04f832e232cdc99a344{\nheight:13px;\n}\n<\/style>\n<div  class='hr av-109rl-ac9d8e69337ed04f832e232cdc99a344 hr-invisible  avia-builder-el-4  el_after_av_heading  el_before_av_textblock '><span class='hr-inner '><span class=\"hr-inner-style\"><\/span><\/span><\/div><br \/>\n<section  class='av_textblock_section av-m63ocvo0-cb7fcfebc7d6526bcee29b9acf5776d6 '   itemscope=\"itemscope\" itemtype=\"https:\/\/schema.org\/CreativeWork\" ><div class='avia_textblock'  itemprop=\"text\" ><p><strong>Was ist Luegsch?<\/strong><\/p>\n<p>Akzent Pr\u00e4vention leitet und koordiniert das Jugendschutzprojekt \u00abLuegsch\u00bb seit rund 20 Jahren mit grosser \u00dcberzeugung. \u00dcber 40 Gemeinden im Kanton Luzern, darunter auch die Stadt Luzern, machen aktuell beim Jugendschutzprojekt mit und leisten somit einen pr\u00e4ventiven Beitrag f\u00fcr die Jugend. Das Hauptanliegen von Luegsch ist es, an Veranstaltungen auf den Jugendschutz im Bereich von Alkohol, Tabak- und Nikotinprodukten hinzuweisen, zu sensibilisieren und durch Materialien, welche von uns zur Verf\u00fcgung gestellt werden, auch sichtbar zu machen. <a href=\"https:\/\/www.akzent-luzern.ch\/praevention\/angebote\/luegsch-jugendschutz-alkohol-104\">Ihr Link zu Luegsch<\/a><\/p>\n<p><strong>Das <\/strong><strong>Plus f\u00fcr Luegsch Gemeinden<\/strong><\/p>\n<ul>\n<li>Wir unterst\u00fctzen Gemeinden im Kanton Luzern, damit diese die gesetzlichen Bestimmungen einfacher und effizienter umsetzen k\u00f6nnen.<\/li>\n<li>Wir beraten, schulen und sensibilisieren Veranstaltende und Verkaufsstellen kostenlos, damit diese bew\u00e4hrte Jugendschutzmassnahmen kennen und im (oftmals hektischen) Alltag umsetzen k\u00f6nnen.<\/li>\n<li>Kostenloser Bezug von Jugendschutzmaterialen wie Kontrollarmb\u00e4nder f\u00fcr die Eingangskontrolle, damit zwischen Unter-16-J\u00e4hrigen, \u00dcber-18-J\u00e4hrigen und jenen dazwischen unterschieden werden kann.<\/li>\n<\/ul>\n<p><strong>Kontakte &amp; Infomappe<\/strong><\/p>\n<ul>\n<li><strong>Ist Ihre Gemeinde bei Luegsch mit dabei<\/strong>? <a href=\"https:\/\/www.akzent-luzern.ch\/luegsch\/gemeinden\">Hier<\/a> finden Sie die Kontakte Ihrer Gemeinde.<\/li>\n<li><strong>Ist Ihre Gemeinde nicht dabei? <\/strong>Mit der Infomappe erhalten Sie s\u00e4mtliche Informationen zu Luegsch. <a href=\"https:\/\/www.akzent-luzern.ch\/praevention\/zielgruppe\/erwachsene\/luegsch\/downloads\">Infomappe<\/a><\/li>\n<\/ul>\n<p><strong>Jugendschutzbestimmungen &amp; Materialien<\/strong><\/p>\n<ul>\n<li>Machen Sie sich Gedanken, wie Sie die Jugendschutzbestimmungen an Ihrer Veranstaltung umsetzen m\u00f6chten. Die <a href=\"https:\/\/www.akzent-luzern.ch\/luegsch\/gemeinden\">Erkl\u00e4rung Pro Jugendschutz mit Checkliste<\/a> aus Ihrer Gemeinde hilft ihnen dabei:<\/li>\n<li>als Luegsch Gemeinde bestellen Sie <a href=\"https:\/\/www.akzent-luzern.ch\/praevention\/zielgruppe\/erwachsene\/luegsch\/bestellung\">hier<\/a>.<\/li>\n<\/ul>\n<p><strong>Fragen zum Projekt<\/strong><\/p>\n<p>Akzent Pr\u00e4vention- und Suchttherapie: <a href=\"http:\/\/www.akzent-luzern.ch\">www.akzent-luzern.ch<\/a><\/p>\n<\/div><\/section><\/p><\/div><\/div><\/div><\/div><!-- close content main div --><\/div><\/div><div id='after_section_1'  class='main_color av_default_container_wrap container_wrap sidebar_right'  ><div class='container av-section-cont-open' ><div class='template-page content  av-content-small alpha units'><div class='post-entry post-entry-type-page post-entry-73'><div class='entry-content-wrapper clearfix'>\n","protected":false},"excerpt":{"rendered":"","protected":false},"author":1,"featured_media":0,"parent":64,"menu_order":12,"comment_status":"closed","ping_status":"closed","template":"","meta":{"inline_featured_image":false,"footnotes":""},"class_list":["post-73","page","type-page","status-publish","hentry"],"_links":{"self":[{"href":"https:\/\/jugendschutz-zentral.ch\/luzern\/wp-json\/wp\/v2\/pages\/73","targetHints":{"allow":["GET"]}}],"collection":[{"href":"https:\/\/jugendschutz-zentral.ch\/luzern\/wp-json\/wp\/v2\/pages"}],"about":[{"href":"https:\/\/jugendschutz-zentral.ch\/luzern\/wp-json\/wp\/v2\/types\/page"}],"author":[{"embeddable":true,"href":"https:\/\/jugendschutz-zentral.ch\/luzern\/wp-json\/wp\/v2\/users\/1"}],"replies":[{"embeddable":true,"href":"https:\/\/jugendschutz-zentral.ch\/luzern\/wp-json\/wp\/v2\/comments?post=73"}],"version-history":[{"count":2,"href":"https:\/\/jugendschutz-zentral.ch\/luzern\/wp-json\/wp\/v2\/pages\/73\/revisions"}],"predecessor-version":[{"id":220,"href":"https:\/\/jugendschutz-zentral.ch\/luzern\/wp-json\/wp\/v2\/pages\/73\/revisions\/220"}],"up":[{"embeddable":true,"href":"https:\/\/jugendschutz-zentral.ch\/luzern\/wp-json\/wp\/v2\/pages\/64"}],"wp:attachment":[{"href":"https:\/\/jugendschutz-zentral.ch\/luzern\/wp-json\/wp\/v2\/media?parent=73"}],"curies":[{"name":"wp","href":"https:\/\/api.w.org\/{rel}","templated":true}]}}